{"id":11,"date":"2024-10-18T12:32:11","date_gmt":"2024-10-18T10:32:11","guid":{"rendered":"https:\/\/kursaalmelilla.com\/?page_id=11"},"modified":"2026-03-28T00:36:27","modified_gmt":"2026-03-27T23:36:27","slug":"contacto","status":"publish","type":"page","link":"https:\/\/kursaalmelilla.com\/index.php\/contacto\/","title":{"rendered":"Contacto"},"content":{"rendered":"<p>[et_pb_section fb_built=\u00bb1&#8243; admin_label=\u00bbHeader\u00bb _builder_version=\u00bb4.24.1&#8243; _module_preset=\u00bbdefault\u00bb custom_padding=\u00bb||0px||false|false\u00bb collapsed=\u00bbon\u00bb global_colors_info=\u00bb{}\u00bb][et_pb_row _builder_version=\u00bb4.24.2&#8243; _module_preset=\u00bbdefault\u00bb width=\u00bb90%\u00bb max_width=\u00bb2000px\u00bb global_colors_info=\u00bb{}\u00bb][et_pb_column type=\u00bb4_4&#8243; _builder_version=\u00bb4.24.1&#8243; _module_preset=\u00bbdefault\u00bb global_colors_info=\u00bb{}\u00bb][et_pb_heading title=\u00bbContacto\u00bb _builder_version=\u00bb4.24.2&#8243; _module_preset=\u00bbbbfae65c-bba2-41c9-964a-c67305ff82f1&#8243; title_text_align=\u00bbcenter\u00bb locked=\u00bboff\u00bb global_colors_info=\u00bb{}\u00bb][\/et_pb_heading][\/et_pb_column][\/et_pb_row][\/et_pb_section][et_pb_section fb_built=\u00bb1&#8243; admin_label=\u00bbContact Info\u00bb _builder_version=\u00bb4.24.2&#8243; _module_preset=\u00bbdefault\u00bb collapsed=\u00bbon\u00bb global_colors_info=\u00bb{}\u00bb][et_pb_row column_structure=\u00bb1_2,1_2&#8243; make_equal=\u00bbon\u00bb _builder_version=\u00bb4.27.2&#8243; _module_preset=\u00bbdefault\u00bb width=\u00bb90%\u00bb max_width=\u00bb2000px\u00bb global_colors_info=\u00bb{}\u00bb][et_pb_column type=\u00bb1_2&#8243; _builder_version=\u00bb4.24.2&#8243; _module_preset=\u00bbdefault\u00bb custom_padding=\u00bb10%||14%||false|false\u00bb custom_padding_tablet=\u00bb0px||0px||true|false\u00bb custom_padding_phone=\u00bb0px||0px||true|false\u00bb custom_padding_last_edited=\u00bbon|desktop\u00bb global_colors_info=\u00bb{}\u00bb][et_pb_heading title=\u00bbubicaci\u00f3n\u00bb _builder_version=\u00bb4.27.2&#8243; _module_preset=\u00bb127889b6-ff5b-4180-912f-2d23179d6074&#8243; title_level=\u00bbh2&#8243; title_font=\u00bbABeeZee|700|||||||\u00bb title_text_align=\u00bbcenter\u00bb custom_margin=\u00bb||0px||false|false\u00bb locked=\u00bboff\u00bb global_colors_info=\u00bb{}\u00bb][\/et_pb_heading][et_pb_text _builder_version=\u00bb4.27.2&#8243; _module_preset=\u00bb92fba9bc-2149-43e0-8b8a-264af191f1c0&#8243; text_orientation=\u00bbcenter\u00bb global_colors_info=\u00bb{}\u00bb]<\/p>\n<p>Calle C\u00e1ndido Lobera 5, Local 2<br \/>52001 Melilla<br \/>Espa\u00f1a<\/p>\n<p>[\/et_pb_text][et_pb_heading title=\u00bbHorario\u00bb _builder_version=\u00bb4.27.2&#8243; _module_preset=\u00bb127889b6-ff5b-4180-912f-2d23179d6074&#8243; title_font=\u00bbABeeZee||||||||\u00bb title_text_align=\u00bbcenter\u00bb custom_margin=\u00bb||0px||false|false\u00bb locked=\u00bboff\u00bb global_colors_info=\u00bb{}\u00bb][\/et_pb_heading][et_pb_text _builder_version=\u00bb4.24.2&#8243; _module_preset=\u00bb92fba9bc-2149-43e0-8b8a-264af191f1c0&#8243; text_orientation=\u00bbcenter\u00bb custom_margin=\u00bb||0px||false|false\u00bb global_colors_info=\u00bb{}\u00bb]<\/p>\n<p>De Lunes a Domingo<\/p>\n<p>[\/et_pb_text][et_pb_text _builder_version=\u00bb4.27.4&#8243; _module_preset=\u00bb92fba9bc-2149-43e0-8b8a-264af191f1c0&#8243; text_orientation=\u00bbcenter\u00bb global_colors_info=\u00bb{}\u00bb]<\/p>\n<p>08:30h a 00:00h<\/p>\n<p>[\/et_pb_text][et_pb_heading title=\u00bbContacto\u00bb _builder_version=\u00bb4.27.2&#8243; _module_preset=\u00bb127889b6-ff5b-4180-912f-2d23179d6074&#8243; title_font=\u00bbABeeZee||||||||\u00bb title_text_align=\u00bbcenter\u00bb custom_margin=\u00bb||0px||false|false\u00bb locked=\u00bboff\u00bb global_colors_info=\u00bb{}\u00bb][\/et_pb_heading][et_pb_text _builder_version=\u00bb4.27.5&#8243; _module_preset=\u00bb92fba9bc-2149-43e0-8b8a-264af191f1c0&#8243; text_orientation=\u00bbcenter\u00bb custom_margin=\u00bb||0px||false|false\u00bb hover_enabled=\u00bb0&#8243; global_colors_info=\u00bb{}\u00bb sticky_enabled=\u00bb0&#8243;]<\/p>\n<p>951 798 031<\/p>\n<p>[\/et_pb_text][et_pb_text _builder_version=\u00bb4.27.2&#8243; _module_preset=\u00bb92fba9bc-2149-43e0-8b8a-264af191f1c0&#8243; text_orientation=\u00bbcenter\u00bb global_colors_info=\u00bb{}\u00bb]<\/p>\n<p>info@kursaalmelilla.com<\/p>\n<p>[\/et_pb_text][\/et_pb_column][et_pb_column type=\u00bb1_2&#8243; _builder_version=\u00bb4.27.2&#8243; _module_preset=\u00bbdefault\u00bb background_image=\u00bbhttps:\/\/kursaalmelilla.com\/wp-content\/uploads\/2024\/10\/WhatsApp-Image-2024-10-19-at-13.18.30.jpeg\u00bb parallax=\u00bbon\u00bb global_colors_info=\u00bb{}\u00bb][et_pb_divider show_divider=\u00bboff\u00bb _builder_version=\u00bb4.24.1&#8243; _module_preset=\u00bbdefault\u00bb height_tablet=\u00bb50vw\u00bb height_phone=\u00bb50vw\u00bb height_last_edited=\u00bbon|desktop\u00bb locked=\u00bboff\u00bb global_colors_info=\u00bb{}\u00bb][\/et_pb_divider][\/et_pb_column][\/et_pb_row][\/et_pb_section]<\/p>\n","protected":false},"excerpt":{"rendered":"<p>Calle C\u00e1ndido Lobera 5, Local 252001 MelillaEspa\u00f1aDe Lunes a Domingo08:30h a 00:00h951 798 031info@kursaalmelilla.com<\/p>\n","protected":false},"author":1,"featured_media":0,"parent":0,"menu_order":0,"comment_status":"closed","ping_status":"closed","template":"","meta":{"_et_pb_use_builder":"on","_et_pb_old_content":"","_et_gb_content_width":"","footnotes":""},"class_list":["post-11","page","type-page","status-publish","hentry"],"yoast_head":"<!-- This site is optimized with the Yoast SEO plugin v27.2 - https:\/\/yoast.com\/product\/yoast-seo-wordpress\/ -->\n<title>Contacto - Kursaal Lounge Caf\u00e9-Bar<\/title>\n<meta name=\"robots\" content=\"index, follow, max-snippet:-1, max-image-preview:large, max-video-preview:-1\" \/>\n<link rel=\"canonical\" href=\"https:\/\/kursaalmelilla.com\/index.php\/contacto\/\" \/>\n<meta property=\"og:locale\" content=\"es_ES\" \/>\n<meta property=\"og:type\" content=\"article\" \/>\n<meta property=\"og:title\" content=\"Contacto - Kursaal Lounge Caf\u00e9-Bar\" \/>\n<meta property=\"og:description\" content=\"Calle C\u00e1ndido Lobera 5, Local 252001 MelillaEspa\u00f1aDe Lunes a Domingo08:30h a 00:00h951 798 031info@kursaalmelilla.com\" \/>\n<meta property=\"og:url\" content=\"https:\/\/kursaalmelilla.com\/index.php\/contacto\/\" \/>\n<meta property=\"og:site_name\" content=\"Kursaal Lounge Caf\u00e9-Bar\" \/>\n<meta property=\"article:publisher\" content=\"https:\/\/www.facebook.com\/profile.php?id=61567324082426&amp;locale=es_ES\" \/>\n<meta property=\"article:modified_time\" content=\"2026-03-27T23:36:27+00:00\" \/>\n<meta property=\"og:image\" content=\"https:\/\/kursaalmelilla.com\/wp-content\/uploads\/2024\/11\/K-RESPLANDOR-EXTERIOR.png\" \/>\n\t<meta property=\"og:image:width\" content=\"2678\" \/>\n\t<meta property=\"og:image:height\" content=\"3375\" \/>\n\t<meta property=\"og:image:type\" content=\"image\/png\" \/>\n<meta name=\"twitter:card\" content=\"summary_large_image\" \/>\n<meta name=\"twitter:label1\" content=\"Tiempo de lectura\" \/>\n\t<meta name=\"twitter:data1\" content=\"3 minutos\" \/>\n<script type=\"application\/ld+json\" class=\"yoast-schema-graph\">{\"@context\":\"https:\/\/schema.org\",\"@graph\":[{\"@type\":\"WebPage\",\"@id\":\"https:\/\/kursaalmelilla.com\/index.php\/contacto\/\",\"url\":\"https:\/\/kursaalmelilla.com\/index.php\/contacto\/\",\"name\":\"Contacto - Kursaal Lounge Caf\u00e9-Bar\",\"isPartOf\":{\"@id\":\"https:\/\/kursaalmelilla.com\/#website\"},\"datePublished\":\"2024-10-18T10:32:11+00:00\",\"dateModified\":\"2026-03-27T23:36:27+00:00\",\"breadcrumb\":{\"@id\":\"https:\/\/kursaalmelilla.com\/index.php\/contacto\/#breadcrumb\"},\"inLanguage\":\"es\",\"potentialAction\":[{\"@type\":\"ReadAction\",\"target\":[\"https:\/\/kursaalmelilla.com\/index.php\/contacto\/\"]}]},{\"@type\":\"BreadcrumbList\",\"@id\":\"https:\/\/kursaalmelilla.com\/index.php\/contacto\/#breadcrumb\",\"itemListElement\":[{\"@type\":\"ListItem\",\"position\":1,\"name\":\"Portada\",\"item\":\"https:\/\/kursaalmelilla.com\/\"},{\"@type\":\"ListItem\",\"position\":2,\"name\":\"Contacto\"}]},{\"@type\":\"WebSite\",\"@id\":\"https:\/\/kursaalmelilla.com\/#website\",\"url\":\"https:\/\/kursaalmelilla.com\/\",\"name\":\"Kursaal Lounge Caf\u00e9-Bar\",\"description\":\"Kursaal Melilla\",\"publisher\":{\"@id\":\"https:\/\/kursaalmelilla.com\/#organization\"},\"alternateName\":\"Kursaal Melilla\",\"potentialAction\":[{\"@type\":\"SearchAction\",\"target\":{\"@type\":\"EntryPoint\",\"urlTemplate\":\"https:\/\/kursaalmelilla.com\/?s={search_term_string}\"},\"query-input\":{\"@type\":\"PropertyValueSpecification\",\"valueRequired\":true,\"valueName\":\"search_term_string\"}}],\"inLanguage\":\"es\"},{\"@type\":\"Organization\",\"@id\":\"https:\/\/kursaalmelilla.com\/#organization\",\"name\":\"Kursaal Lounge Caf\u00e9-Bar\",\"alternateName\":\"Carai Melilla SL\",\"url\":\"https:\/\/kursaalmelilla.com\/\",\"logo\":{\"@type\":\"ImageObject\",\"inLanguage\":\"es\",\"@id\":\"https:\/\/kursaalmelilla.com\/#\/schema\/logo\/image\/\",\"url\":\"https:\/\/kursaalmelilla.com\/wp-content\/uploads\/2024\/11\/K-RESPLANDOR-EXTERIOR.png\",\"contentUrl\":\"https:\/\/kursaalmelilla.com\/wp-content\/uploads\/2024\/11\/K-RESPLANDOR-EXTERIOR.png\",\"width\":2678,\"height\":3375,\"caption\":\"Kursaal Lounge Caf\u00e9-Bar\"},\"image\":{\"@id\":\"https:\/\/kursaalmelilla.com\/#\/schema\/logo\/image\/\"},\"sameAs\":[\"https:\/\/www.facebook.com\/profile.php?id=61567324082426&locale=es_ES\",\"https:\/\/www.instagram.com\/kursaalmelilla\"]}]}<\/script>\n<!-- \/ Yoast SEO plugin. -->","yoast_head_json":{"title":"Contacto - Kursaal Lounge Caf\u00e9-Bar","robots":{"index":"index","follow":"follow","max-snippet":"max-snippet:-1","max-image-preview":"max-image-preview:large","max-video-preview":"max-video-preview:-1"},"canonical":"https:\/\/kursaalmelilla.com\/index.php\/contacto\/","og_locale":"es_ES","og_type":"article","og_title":"Contacto - Kursaal Lounge Caf\u00e9-Bar","og_description":"Calle C\u00e1ndido Lobera 5, Local 252001 MelillaEspa\u00f1aDe Lunes a Domingo08:30h a 00:00h951 798 031info@kursaalmelilla.com","og_url":"https:\/\/kursaalmelilla.com\/index.php\/contacto\/","og_site_name":"Kursaal Lounge Caf\u00e9-Bar","article_publisher":"https:\/\/www.facebook.com\/profile.php?id=61567324082426&locale=es_ES","article_modified_time":"2026-03-27T23:36:27+00:00","og_image":[{"width":2678,"height":3375,"url":"https:\/\/kursaalmelilla.com\/wp-content\/uploads\/2024\/11\/K-RESPLANDOR-EXTERIOR.png","type":"image\/png"}],"twitter_card":"summary_large_image","twitter_misc":{"Tiempo de lectura":"3 minutos"},"schema":{"@context":"https:\/\/schema.org","@graph":[{"@type":"WebPage","@id":"https:\/\/kursaalmelilla.com\/index.php\/contacto\/","url":"https:\/\/kursaalmelilla.com\/index.php\/contacto\/","name":"Contacto - Kursaal Lounge Caf\u00e9-Bar","isPartOf":{"@id":"https:\/\/kursaalmelilla.com\/#website"},"datePublished":"2024-10-18T10:32:11+00:00","dateModified":"2026-03-27T23:36:27+00:00","breadcrumb":{"@id":"https:\/\/kursaalmelilla.com\/index.php\/contacto\/#breadcrumb"},"inLanguage":"es","potentialAction":[{"@type":"ReadAction","target":["https:\/\/kursaalmelilla.com\/index.php\/contacto\/"]}]},{"@type":"BreadcrumbList","@id":"https:\/\/kursaalmelilla.com\/index.php\/contacto\/#breadcrumb","itemListElement":[{"@type":"ListItem","position":1,"name":"Portada","item":"https:\/\/kursaalmelilla.com\/"},{"@type":"ListItem","position":2,"name":"Contacto"}]},{"@type":"WebSite","@id":"https:\/\/kursaalmelilla.com\/#website","url":"https:\/\/kursaalmelilla.com\/","name":"Kursaal Lounge Caf\u00e9-Bar","description":"Kursaal Melilla","publisher":{"@id":"https:\/\/kursaalmelilla.com\/#organization"},"alternateName":"Kursaal Melilla","potentialAction":[{"@type":"SearchAction","target":{"@type":"EntryPoint","urlTemplate":"https:\/\/kursaalmelilla.com\/?s={search_term_string}"},"query-input":{"@type":"PropertyValueSpecification","valueRequired":true,"valueName":"search_term_string"}}],"inLanguage":"es"},{"@type":"Organization","@id":"https:\/\/kursaalmelilla.com\/#organization","name":"Kursaal Lounge Caf\u00e9-Bar","alternateName":"Carai Melilla SL","url":"https:\/\/kursaalmelilla.com\/","logo":{"@type":"ImageObject","inLanguage":"es","@id":"https:\/\/kursaalmelilla.com\/#\/schema\/logo\/image\/","url":"https:\/\/kursaalmelilla.com\/wp-content\/uploads\/2024\/11\/K-RESPLANDOR-EXTERIOR.png","contentUrl":"https:\/\/kursaalmelilla.com\/wp-content\/uploads\/2024\/11\/K-RESPLANDOR-EXTERIOR.png","width":2678,"height":3375,"caption":"Kursaal Lounge Caf\u00e9-Bar"},"image":{"@id":"https:\/\/kursaalmelilla.com\/#\/schema\/logo\/image\/"},"sameAs":["https:\/\/www.facebook.com\/profile.php?id=61567324082426&locale=es_ES","https:\/\/www.instagram.com\/kursaalmelilla"]}]}},"_links":{"self":[{"href":"https:\/\/kursaalmelilla.com\/index.php\/wp-json\/wp\/v2\/pages\/11","targetHints":{"allow":["GET"]}}],"collection":[{"href":"https:\/\/kursaalmelilla.com\/index.php\/wp-json\/wp\/v2\/pages"}],"about":[{"href":"https:\/\/kursaalmelilla.com\/index.php\/wp-json\/wp\/v2\/types\/page"}],"author":[{"embeddable":true,"href":"https:\/\/kursaalmelilla.com\/index.php\/wp-json\/wp\/v2\/users\/1"}],"replies":[{"embeddable":true,"href":"https:\/\/kursaalmelilla.com\/index.php\/wp-json\/wp\/v2\/comments?post=11"}],"version-history":[{"count":7,"href":"https:\/\/kursaalmelilla.com\/index.php\/wp-json\/wp\/v2\/pages\/11\/revisions"}],"predecessor-version":[{"id":333,"href":"https:\/\/kursaalmelilla.com\/index.php\/wp-json\/wp\/v2\/pages\/11\/revisions\/333"}],"wp:attachment":[{"href":"https:\/\/kursaalmelilla.com\/index.php\/wp-json\/wp\/v2\/media?parent=11"}],"curies":[{"name":"wp","href":"https:\/\/api.w.org\/{rel}","templated":true}]}}